{"version":"1.0","provider_name":"Palata umetnosti Madlena","provider_url":"https:\/\/palataumetnostimadlena.rs\/fr\/","title":"BUCA BERBEROVI\u0106 \u2013 OUVERTURE DE L\u2019EXPOSITION","type":"rich","width":600,"height":338,"html":"<blockquote class=\"wp-embedded-content\" data-secret=\"7Sm9cc3Ayh\"><a href=\"https:\/\/palataumetnostimadlena.rs\/fr\/events\/buca-berberovic-ouverture-de-lexposition\/\">BUCA BERBEROVI\u0106 \u2013 OUVERTURE DE L\u2019EXPOSITION<\/a><\/blockquote><iframe sandbox=\"allow-scripts\" security=\"restricted\" src=\"https:\/\/palataumetnostimadlena.rs\/fr\/events\/buca-berberovic-ouverture-de-lexposition\/embed\/#?secret=7Sm9cc3Ayh\" width=\"600\" height=\"338\" title=\"\u00ab\u00a0BUCA BERBEROVI\u0106 \u2013 OUVERTURE DE L\u2019EXPOSITION\u00a0\u00bb &#8212; Palata umetnosti Madlena\" data-secret=\"7Sm9cc3Ayh\" frameborder=\"0\" marginwidth=\"0\" marginheight=\"0\" scrolling=\"no\" class=\"wp-embedded-content\"><\/iframe><script type=\"text\/javascript\">\n\/* <![CDATA[ *\/\n\/*! This file is auto-generated *\/\n!function(d,l){\"use strict\";l.querySelector&&d.addEventListener&&\"undefined\"!=typeof URL&&(d.wp=d.wp||{},d.wp.receiveEmbedMessage||(d.wp.receiveEmbedMessage=function(e){var t=e.data;if((t||t.secret||t.message||t.value)&&!\/[^a-zA-Z0-9]\/.test(t.secret)){for(var s,r,n,a=l.querySelectorAll('iframe[data-secret=\"'+t.secret+'\"]'),o=l.querySelectorAll('blockquote[data-secret=\"'+t.secret+'\"]'),c=new RegExp(\"^https?:$\",\"i\"),i=0;i<o.length;i++)o[i].style.display=\"none\";for(i=0;i<a.length;i++)s=a[i],e.source===s.contentWindow&&(s.removeAttribute(\"style\"),\"height\"===t.message?(1e3<(r=parseInt(t.value,10))?r=1e3:~~r<200&&(r=200),s.height=r):\"link\"===t.message&&(r=new URL(s.getAttribute(\"src\")),n=new URL(t.value),c.test(n.protocol))&&n.host===r.host&&l.activeElement===s&&(d.top.location.href=t.value))}},d.addEventListener(\"message\",d.wp.receiveEmbedMessage,!1),l.addEventListener(\"DOMContentLoaded\",function(){for(var e,t,s=l.querySelectorAll(\"iframe.wp-embedded-content\"),r=0;r<s.length;r++)(t=(e=s[r]).getAttribute(\"data-secret\"))||(t=Math.random().toString(36).substring(2,12),e.src+=\"#?secret=\"+t,e.setAttribute(\"data-secret\",t)),e.contentWindow.postMessage({message:\"ready\",secret:t},\"*\")},!1)))}(window,document);\n\/* ]]> *\/\n<\/script>\n","thumbnail_url":"https:\/\/palataumetnostimadlena.rs\/wp-content\/uploads\/2024\/04\/beba-13.jpg","thumbnail_width":800,"thumbnail_height":533,"description":"[vc_row][vc_column][vc_text_separator title=\u00a0\u00bb\u00a0\u00bb css=\u00a0\u00bb.vc_custom_1741047524202{padding-top: 25px !important;padding-bottom: 25px !important;}\u00a0\u00bb][\/vc_column][\/vc_row][vc_row][vc_column][vc_column_text]L\u2019exposition ouverte le 09 mars a dur\u00e9 jusqu\u2019au 10 avril 2024. Le samedi 09 mars 2024, \u00e0 partir de 19 heures le Palais des Arts Madlena organise l\u2019ouverture de l\u2019exposition intitul\u00e9e \u00ab\u00a0Jeu de sc\u00e8nes et de costumes\u00a0\u00bb pr\u00e9par\u00e9e par Milanka Buca Berberovi\u0107. L\u2019exposition est con\u00e7ue comme une dizaine de"}