{"version":"1.0","provider_name":"Palata umetnosti Madlena","provider_url":"https:\/\/palataumetnostimadlena.rs\/fr\/","title":"TRIBUNE \u201eMOT POUR LA FIN DE L\u2019ANN\u00c9E\u201c","type":"rich","width":600,"height":338,"html":"<blockquote class=\"wp-embedded-content\" data-secret=\"070cw707mK\"><a href=\"https:\/\/palataumetnostimadlena.rs\/fr\/events\/tribune-mot-pour-la-fin-de-lannee\/\">TRIBUNE \u201eMOT POUR LA FIN DE L\u2019ANN\u00c9E\u201c<\/a><\/blockquote><iframe sandbox=\"allow-scripts\" security=\"restricted\" src=\"https:\/\/palataumetnostimadlena.rs\/fr\/events\/tribune-mot-pour-la-fin-de-lannee\/embed\/#?secret=070cw707mK\" width=\"600\" height=\"338\" title=\"\u00ab\u00a0TRIBUNE \u201eMOT POUR LA FIN DE L\u2019ANN\u00c9E\u201c\u00a0\u00bb &#8212; Palata umetnosti Madlena\" data-secret=\"070cw707mK\" frameborder=\"0\" marginwidth=\"0\" marginheight=\"0\" scrolling=\"no\" class=\"wp-embedded-content\"><\/iframe><script type=\"text\/javascript\">\n\/* <![CDATA[ *\/\n\/*! This file is auto-generated *\/\n!function(d,l){\"use strict\";l.querySelector&&d.addEventListener&&\"undefined\"!=typeof URL&&(d.wp=d.wp||{},d.wp.receiveEmbedMessage||(d.wp.receiveEmbedMessage=function(e){var t=e.data;if((t||t.secret||t.message||t.value)&&!\/[^a-zA-Z0-9]\/.test(t.secret)){for(var s,r,n,a=l.querySelectorAll('iframe[data-secret=\"'+t.secret+'\"]'),o=l.querySelectorAll('blockquote[data-secret=\"'+t.secret+'\"]'),c=new RegExp(\"^https?:$\",\"i\"),i=0;i<o.length;i++)o[i].style.display=\"none\";for(i=0;i<a.length;i++)s=a[i],e.source===s.contentWindow&&(s.removeAttribute(\"style\"),\"height\"===t.message?(1e3<(r=parseInt(t.value,10))?r=1e3:~~r<200&&(r=200),s.height=r):\"link\"===t.message&&(r=new URL(s.getAttribute(\"src\")),n=new URL(t.value),c.test(n.protocol))&&n.host===r.host&&l.activeElement===s&&(d.top.location.href=t.value))}},d.addEventListener(\"message\",d.wp.receiveEmbedMessage,!1),l.addEventListener(\"DOMContentLoaded\",function(){for(var e,t,s=l.querySelectorAll(\"iframe.wp-embedded-content\"),r=0;r<s.length;r++)(t=(e=s[r]).getAttribute(\"data-secret\"))||(t=Math.random().toString(36).substring(2,12),e.src+=\"#?secret=\"+t,e.setAttribute(\"data-secret\",t)),e.contentWindow.postMessage({message:\"ready\",secret:t},\"*\")},!1)))}(window,document);\n\/* ]]> *\/\n<\/script>\n","thumbnail_url":"https:\/\/palataumetnostimadlena.rs\/wp-content\/uploads\/2020\/05\/Rec-za-kraj-godine-foto-8-scaled.jpg","thumbnail_width":2560,"thumbnail_height":1707,"description":"[vc_row][vc_column][vc_column_text]Au Palais des Arts Madlena, le 22 d\u00e9cembre 2022, on organise une tribune intitul\u00e9e \u201eMot pour la fin de l\u2019ann\u00e9e\u201c, consacr\u00e9e \u00e0 l\u2019ann\u00e9e partante et aux attentes pour celle \u00e0 venir. L\u2019animatrice de la soir\u00e9e, journaliste de t\u00e9l\u00e9vision \u00e9minente, Tanja Peternek Aleksi\u0107, a r\u00e9uni \u00e0 cette occasion docteure professeure Maja Iskjedo, pr\u00e9sidente de l\u2019Association de"}